{"id":2443,"date":"2024-12-14T14:52:48","date_gmt":"2024-12-14T13:52:48","guid":{"rendered":"https:\/\/nestia.be\/?page_id=2443"},"modified":"2025-12-11T20:03:10","modified_gmt":"2025-12-11T19:03:10","slug":"raluca-vacarescu-neuropsychologue","status":"publish","type":"page","link":"https:\/\/nestia.be\/index.php\/raluca-vacarescu-neuropsychologue\/","title":{"rendered":"Stefana De Greef Vacarescu &#8211; Neuropsychologue"},"content":{"rendered":"<div id=\"pl-2443\"  class=\"panel-layout\" ><div id=\"pg-2443-0\"  class=\"panel-grid panel-no-style\" ><div id=\"pgc-2443-0-0\"  class=\"panel-grid-cell\" ><div id=\"panel-2443-0-0-0\" class=\"so-panel widget widget_sow-editor panel-first-child panel-last-child\" data-index=\"0\" ><div\n\t\t\t\n\t\t\tclass=\"so-widget-sow-editor so-widget-sow-editor-base\"\n\t\t\t\n\t\t>\n<div class=\"siteorigin-widget-tinymce textwidget\">\n\t<p><img loading=\"lazy\" decoding=\"async\" class=\"aligncenter size-medium wp-image-2444\" src=\"https:\/\/nestia.be\/wp-content\/uploads\/2024\/12\/IMG_0873-300x300.jpg\" alt=\"\" width=\"300\" height=\"300\" srcset=\"https:\/\/nestia.be\/wp-content\/uploads\/2024\/12\/IMG_0873-300x300.jpg 300w, https:\/\/nestia.be\/wp-content\/uploads\/2024\/12\/IMG_0873-150x150.jpg 150w, https:\/\/nestia.be\/wp-content\/uploads\/2024\/12\/IMG_0873-500x500.jpg 500w, https:\/\/nestia.be\/wp-content\/uploads\/2024\/12\/IMG_0873-612x612.jpg 612w, https:\/\/nestia.be\/wp-content\/uploads\/2024\/12\/IMG_0873.jpg 640w\" sizes=\"auto, (max-width: 300px) 100vw, 300px\" \/><\/p>\n<p style=\"text-align: center;\"><span style=\"color: #1b7575;\"><strong>Consultations<\/strong><\/span><\/p>\n<p style=\"text-align: center;\"><span style=\"color: #1b7575;\">Samedi 08h30-13h00&nbsp;<\/span><\/p>\n<p style=\"text-align: center;\">&nbsp;<\/p>\n<p style=\"text-align: center;\"><span style=\"color: #1b7575;\">Langue de consultation<\/span><\/p>\n<p style=\"text-align: center;\"><span style=\"color: #1b7575;\">Fran\u00e7ais <\/span><\/p>\n<p style=\"text-align: center;\"><span style=\"color: #1b7575;\">Anglais <\/span><\/p>\n<p style=\"text-align: center;\"><span style=\"color: #1b7575;\">Roumain<\/span><\/p>\n<p style=\"text-align: center;\"><span style=\"color: #1b7575;\">N\u00e9erlandais<\/span><\/p>\n<p style=\"text-align: center;\">&nbsp;<\/p>\n<p style=\"text-align: center;\"><span style=\"color: #1b7575;\"><b>Contact<\/b><\/span><\/p>\n<p style=\"text-align: center;\"><span style=\"color: #1b7575;\">0495\/85.31.39<\/span><\/p>\n<p style=\"text-align: center;\"><span style=\"color: #1b7575;\"><b>neurodiversebrain@outlook.com<\/b><\/span><\/p>\n<p>&nbsp;<\/p>\n<\/div>\n<\/div><\/div><\/div><div id=\"pgc-2443-0-1\"  class=\"panel-grid-cell\" ><div id=\"panel-2443-0-1-0\" class=\"so-panel widget widget_sow-editor panel-first-child panel-last-child\" data-index=\"1\" ><div\n\t\t\t\n\t\t\tclass=\"so-widget-sow-editor so-widget-sow-editor-base\"\n\t\t\t\n\t\t>\n<div class=\"siteorigin-widget-tinymce textwidget\">\n\t<h5>Neuropsychologue de l'enfant<\/h5>\n<h5>Neuropsychologue de l'adolescent<\/h5>\n<h5>Neuropsychologue de l'Adulte<\/h5>\n<div>&nbsp;<\/div>\n<div>&nbsp;<\/div>\n<div>Je suis neuropsychologue sp\u00e9cialis\u00e9e dans l'\u00e9valuation cognitive, neuropsychologique, psycho-affective et comportementale pour les enfants (d\u00e8s 2,5 ans), les adolescents et les jeunes adultes. Mon expertise inclut les bilans n\u00e9cessaires pour les d\u00e9marches diagnostiques concernant le trouble du d\u00e9ficit de l\u2019attention avec ou sans hyperactivit\u00e9 (TDAH) et les troubles du spectre autistique (TSA).<\/div>\n<div>&nbsp;<\/div>\n<div>Je propose \u00e9galement des suivis bas\u00e9s sur la psycho\u00e9ducation, l'entra\u00eenement aux habilet\u00e9s parentales, les interventions cognitivo-comportementales, les rem\u00e9diations cognitives, ainsi qu\u2019un accompagnement sur la gestion mentale et les m\u00e9thodes de travail pour optimiser les apprentissages scolaires.<\/div>\n<div>Passionn\u00e9e par la neuropsychologie, je m'efforce d'offrir un accompagnement adapt\u00e9 et bienveillant, \u00e0 l'\u00e9coute des besoins sp\u00e9cifiques de mes patients et de leur famille.<\/div>\n<div>Mon engagement \u00e0 me former continuellement garantit des interventions bas\u00e9es sur les derni\u00e8res avanc\u00e9es scientifiques et pratiques.<\/div>\n<\/div>\n<\/div><\/div><\/div><\/div><div id=\"pg-2443-1\"  class=\"panel-grid panel-no-style\" ><div id=\"pgc-2443-1-0\"  class=\"panel-grid-cell panel-grid-cell-empty\" ><\/div><\/div><\/div>","protected":false},"excerpt":{"rendered":"<p>Consultations Samedi 08h30-13h00&nbsp; &nbsp; Langue de consultation Fran\u00e7ais Anglais Roumain N\u00e9erlandais &nbsp; Contact 0495\/85.31.39 neurodiversebrain@outlook.com &nbsp; Neuropsychologue de l&#8217;enfant Neuropsychologue de l&#8217;adolescent Neuropsychologue de l&#8217;Adulte &nbsp; &nbsp; Je suis neuropsychologue sp\u00e9cialis\u00e9e dans l&#8217;\u00e9valuation cognitive, neuropsychologique, psycho-affective et comportementale pour les enfants (d\u00e8s 2,5 ans), les adolescents et les jeunes adultes. Mon expertise inclut les bilans&#8230; <a href=\"https:\/\/nestia.be\/index.php\/raluca-vacarescu-neuropsychologue\/\">Continue reading <span class=\"screen-reader-text\">&#8220;Stefana De Greef Vacarescu &#8211; Neuropsychologue&#8221;<\/span><\/a><\/p>\n","protected":false},"author":1,"featured_media":0,"parent":0,"menu_order":0,"comment_status":"closed","ping_status":"closed","template":"","meta":{"ngg_post_thumbnail":0,"_vp_format_video_url":"","_vp_image_focal_point":[],"footnotes":""},"class_list":["post-2443","page","type-page","status-publish","hentry"],"yoast_head":"<!-- This site is optimized with the Yoast SEO Premium plugin v23.4 (Yoast SEO v27.4) - https:\/\/yoast.com\/product\/yoast-seo-premium-wordpress\/ -->\n<title>Stefana De Greef Vacarescu - Neuropsychologue - Centre Nestia<\/title>\n<meta name=\"description\" content=\"Raluca Vacarescu vous re\u00e7oit au centre Nestia \u00e0 Auderghem pour des prises en charge en psychologie, en guidance parentale,..\" \/>\n<meta name=\"robots\" content=\"index, follow, max-snippet:-1, max-image-preview:large, max-video-preview:-1\" \/>\n<link rel=\"canonical\" href=\"https:\/\/nestia.be\/index.php\/raluca-vacarescu-neuropsychologue\/\" \/>\n<meta property=\"og:locale\" content=\"fr_FR\" \/>\n<meta property=\"og:type\" content=\"article\" \/>\n<meta property=\"og:title\" content=\"Stefana De Greef Vacarescu - Neuropsychologue\" \/>\n<meta property=\"og:description\" content=\"Raluca Vacarescu vous re\u00e7oit au centre Nestia \u00e0 Auderghem pour des prises en charge en psychologie, en guidance parentale,..\" \/>\n<meta property=\"og:url\" content=\"https:\/\/nestia.be\/index.php\/raluca-vacarescu-neuropsychologue\/\" \/>\n<meta property=\"og:site_name\" content=\"Centre Nestia\" \/>\n<meta property=\"article:modified_time\" content=\"2025-12-11T19:03:10+00:00\" \/>\n<meta property=\"og:image\" content=\"https:\/\/nestia.be\/wp-content\/uploads\/2024\/12\/IMG_0873.jpg\" \/>\n\t<meta property=\"og:image:width\" content=\"640\" \/>\n\t<meta property=\"og:image:height\" content=\"640\" \/>\n\t<meta property=\"og:image:type\" content=\"image\/jpeg\" \/>\n<meta name=\"twitter:card\" content=\"summary_large_image\" \/>\n<meta name=\"twitter:label1\" content=\"Dur\u00e9e de lecture estim\u00e9e\" \/>\n\t<meta name=\"twitter:data1\" content=\"1 minute\" \/>\n<script type=\"application\/ld+json\" class=\"yoast-schema-graph\">{\"@context\":\"https:\\\/\\\/schema.org\",\"@graph\":[{\"@type\":\"WebPage\",\"@id\":\"https:\\\/\\\/nestia.be\\\/index.php\\\/raluca-vacarescu-neuropsychologue\\\/\",\"url\":\"https:\\\/\\\/nestia.be\\\/index.php\\\/raluca-vacarescu-neuropsychologue\\\/\",\"name\":\"Stefana De Greef Vacarescu - Neuropsychologue - Centre Nestia\",\"isPartOf\":{\"@id\":\"https:\\\/\\\/nestia.be\\\/#website\"},\"primaryImageOfPage\":{\"@id\":\"https:\\\/\\\/nestia.be\\\/index.php\\\/raluca-vacarescu-neuropsychologue\\\/#primaryimage\"},\"image\":{\"@id\":\"https:\\\/\\\/nestia.be\\\/index.php\\\/raluca-vacarescu-neuropsychologue\\\/#primaryimage\"},\"thumbnailUrl\":\"https:\\\/\\\/nestia.be\\\/wp-content\\\/uploads\\\/2024\\\/12\\\/IMG_0873-300x300.jpg\",\"datePublished\":\"2024-12-14T13:52:48+00:00\",\"dateModified\":\"2025-12-11T19:03:10+00:00\",\"description\":\"Raluca Vacarescu vous re\u00e7oit au centre Nestia \u00e0 Auderghem pour des prises en charge en psychologie, en guidance parentale,..\",\"breadcrumb\":{\"@id\":\"https:\\\/\\\/nestia.be\\\/index.php\\\/raluca-vacarescu-neuropsychologue\\\/#breadcrumb\"},\"inLanguage\":\"fr-FR\",\"potentialAction\":[{\"@type\":\"ReadAction\",\"target\":[\"https:\\\/\\\/nestia.be\\\/index.php\\\/raluca-vacarescu-neuropsychologue\\\/\"]}]},{\"@type\":\"ImageObject\",\"inLanguage\":\"fr-FR\",\"@id\":\"https:\\\/\\\/nestia.be\\\/index.php\\\/raluca-vacarescu-neuropsychologue\\\/#primaryimage\",\"url\":\"https:\\\/\\\/nestia.be\\\/wp-content\\\/uploads\\\/2024\\\/12\\\/IMG_0873.jpg\",\"contentUrl\":\"https:\\\/\\\/nestia.be\\\/wp-content\\\/uploads\\\/2024\\\/12\\\/IMG_0873.jpg\",\"width\":640,\"height\":640},{\"@type\":\"BreadcrumbList\",\"@id\":\"https:\\\/\\\/nestia.be\\\/index.php\\\/raluca-vacarescu-neuropsychologue\\\/#breadcrumb\",\"itemListElement\":[{\"@type\":\"ListItem\",\"position\":1,\"name\":\"Accueil\",\"item\":\"https:\\\/\\\/nestia.be\\\/\"},{\"@type\":\"ListItem\",\"position\":2,\"name\":\"Stefana De Greef Vacarescu &#8211; Neuropsychologue\"}]},{\"@type\":\"WebSite\",\"@id\":\"https:\\\/\\\/nestia.be\\\/#website\",\"url\":\"https:\\\/\\\/nestia.be\\\/\",\"name\":\"Centre Nestia\",\"description\":\"Centre pluridisciplinaire P\u00e9diatrique, P\u00e9rinatal et Familial\",\"publisher\":{\"@id\":\"https:\\\/\\\/nestia.be\\\/#organization\"},\"potentialAction\":[{\"@type\":\"SearchAction\",\"target\":{\"@type\":\"EntryPoint\",\"urlTemplate\":\"https:\\\/\\\/nestia.be\\\/?s={search_term_string}\"},\"query-input\":{\"@type\":\"PropertyValueSpecification\",\"valueRequired\":true,\"valueName\":\"search_term_string\"}}],\"inLanguage\":\"fr-FR\"},{\"@type\":\"Organization\",\"@id\":\"https:\\\/\\\/nestia.be\\\/#organization\",\"name\":\"Centre Nestia\",\"url\":\"https:\\\/\\\/nestia.be\\\/\",\"logo\":{\"@type\":\"ImageObject\",\"inLanguage\":\"fr-FR\",\"@id\":\"https:\\\/\\\/nestia.be\\\/#\\\/schema\\\/logo\\\/image\\\/\",\"url\":\"https:\\\/\\\/nestia.be\\\/wp-content\\\/uploads\\\/2020\\\/12\\\/cropped-69706906_116330719731047_3337316616944746496_n.jpg\",\"contentUrl\":\"https:\\\/\\\/nestia.be\\\/wp-content\\\/uploads\\\/2020\\\/12\\\/cropped-69706906_116330719731047_3337316616944746496_n.jpg\",\"width\":594,\"height\":433,\"caption\":\"Centre Nestia\"},\"image\":{\"@id\":\"https:\\\/\\\/nestia.be\\\/#\\\/schema\\\/logo\\\/image\\\/\"}}]}<\/script>\n<!-- \/ Yoast SEO Premium plugin. -->","yoast_head_json":{"title":"Stefana De Greef Vacarescu - Neuropsychologue - Centre Nestia","description":"Raluca Vacarescu vous re\u00e7oit au centre Nestia \u00e0 Auderghem pour des prises en charge en psychologie, en guidance parentale,..","robots":{"index":"index","follow":"follow","max-snippet":"max-snippet:-1","max-image-preview":"max-image-preview:large","max-video-preview":"max-video-preview:-1"},"canonical":"https:\/\/nestia.be\/index.php\/raluca-vacarescu-neuropsychologue\/","og_locale":"fr_FR","og_type":"article","og_title":"Stefana De Greef Vacarescu - Neuropsychologue","og_description":"Raluca Vacarescu vous re\u00e7oit au centre Nestia \u00e0 Auderghem pour des prises en charge en psychologie, en guidance parentale,..","og_url":"https:\/\/nestia.be\/index.php\/raluca-vacarescu-neuropsychologue\/","og_site_name":"Centre Nestia","article_modified_time":"2025-12-11T19:03:10+00:00","og_image":[{"width":640,"height":640,"url":"https:\/\/nestia.be\/wp-content\/uploads\/2024\/12\/IMG_0873.jpg","type":"image\/jpeg"}],"twitter_card":"summary_large_image","twitter_misc":{"Dur\u00e9e de lecture estim\u00e9e":"1 minute"},"schema":{"@context":"https:\/\/schema.org","@graph":[{"@type":"WebPage","@id":"https:\/\/nestia.be\/index.php\/raluca-vacarescu-neuropsychologue\/","url":"https:\/\/nestia.be\/index.php\/raluca-vacarescu-neuropsychologue\/","name":"Stefana De Greef Vacarescu - Neuropsychologue - Centre Nestia","isPartOf":{"@id":"https:\/\/nestia.be\/#website"},"primaryImageOfPage":{"@id":"https:\/\/nestia.be\/index.php\/raluca-vacarescu-neuropsychologue\/#primaryimage"},"image":{"@id":"https:\/\/nestia.be\/index.php\/raluca-vacarescu-neuropsychologue\/#primaryimage"},"thumbnailUrl":"https:\/\/nestia.be\/wp-content\/uploads\/2024\/12\/IMG_0873-300x300.jpg","datePublished":"2024-12-14T13:52:48+00:00","dateModified":"2025-12-11T19:03:10+00:00","description":"Raluca Vacarescu vous re\u00e7oit au centre Nestia \u00e0 Auderghem pour des prises en charge en psychologie, en guidance parentale,..","breadcrumb":{"@id":"https:\/\/nestia.be\/index.php\/raluca-vacarescu-neuropsychologue\/#breadcrumb"},"inLanguage":"fr-FR","potentialAction":[{"@type":"ReadAction","target":["https:\/\/nestia.be\/index.php\/raluca-vacarescu-neuropsychologue\/"]}]},{"@type":"ImageObject","inLanguage":"fr-FR","@id":"https:\/\/nestia.be\/index.php\/raluca-vacarescu-neuropsychologue\/#primaryimage","url":"https:\/\/nestia.be\/wp-content\/uploads\/2024\/12\/IMG_0873.jpg","contentUrl":"https:\/\/nestia.be\/wp-content\/uploads\/2024\/12\/IMG_0873.jpg","width":640,"height":640},{"@type":"BreadcrumbList","@id":"https:\/\/nestia.be\/index.php\/raluca-vacarescu-neuropsychologue\/#breadcrumb","itemListElement":[{"@type":"ListItem","position":1,"name":"Accueil","item":"https:\/\/nestia.be\/"},{"@type":"ListItem","position":2,"name":"Stefana De Greef Vacarescu &#8211; Neuropsychologue"}]},{"@type":"WebSite","@id":"https:\/\/nestia.be\/#website","url":"https:\/\/nestia.be\/","name":"Centre Nestia","description":"Centre pluridisciplinaire P\u00e9diatrique, P\u00e9rinatal et Familial","publisher":{"@id":"https:\/\/nestia.be\/#organization"},"potentialAction":[{"@type":"SearchAction","target":{"@type":"EntryPoint","urlTemplate":"https:\/\/nestia.be\/?s={search_term_string}"},"query-input":{"@type":"PropertyValueSpecification","valueRequired":true,"valueName":"search_term_string"}}],"inLanguage":"fr-FR"},{"@type":"Organization","@id":"https:\/\/nestia.be\/#organization","name":"Centre Nestia","url":"https:\/\/nestia.be\/","logo":{"@type":"ImageObject","inLanguage":"fr-FR","@id":"https:\/\/nestia.be\/#\/schema\/logo\/image\/","url":"https:\/\/nestia.be\/wp-content\/uploads\/2020\/12\/cropped-69706906_116330719731047_3337316616944746496_n.jpg","contentUrl":"https:\/\/nestia.be\/wp-content\/uploads\/2020\/12\/cropped-69706906_116330719731047_3337316616944746496_n.jpg","width":594,"height":433,"caption":"Centre Nestia"},"image":{"@id":"https:\/\/nestia.be\/#\/schema\/logo\/image\/"}}]}},"_links":{"self":[{"href":"https:\/\/nestia.be\/index.php\/wp-json\/wp\/v2\/pages\/2443","targetHints":{"allow":["GET"]}}],"collection":[{"href":"https:\/\/nestia.be\/index.php\/wp-json\/wp\/v2\/pages"}],"about":[{"href":"https:\/\/nestia.be\/index.php\/wp-json\/wp\/v2\/types\/page"}],"author":[{"embeddable":true,"href":"https:\/\/nestia.be\/index.php\/wp-json\/wp\/v2\/users\/1"}],"replies":[{"embeddable":true,"href":"https:\/\/nestia.be\/index.php\/wp-json\/wp\/v2\/comments?post=2443"}],"version-history":[{"count":7,"href":"https:\/\/nestia.be\/index.php\/wp-json\/wp\/v2\/pages\/2443\/revisions"}],"predecessor-version":[{"id":2454,"href":"https:\/\/nestia.be\/index.php\/wp-json\/wp\/v2\/pages\/2443\/revisions\/2454"}],"wp:attachment":[{"href":"https:\/\/nestia.be\/index.php\/wp-json\/wp\/v2\/media?parent=2443"}],"curies":[{"name":"wp","href":"https:\/\/api.w.org\/{rel}","templated":true}]}}